{"id":8475,"date":"2019-10-03T10:33:37","date_gmt":"2019-10-03T08:33:37","guid":{"rendered":"http:\/\/www.mgc.es\/?page_id=8475"},"modified":"2024-11-08T10:48:08","modified_gmt":"2024-11-08T09:48:08","slug":"informacio-corporativa","status":"publish","type":"page","link":"https:\/\/www.mgc.es\/ca\/informacio-corporativa\/","title":{"rendered":"Informaci\u00f3 corporativa"},"content":{"rendered":"\n<div class=\"bloque-titulo main\">\n\t\t\t<div class=\"background-texture\">\n\t\t\t<img decoding=\"async\" src=\"\/wp-content\/themes\/mgc\/src\/img\/head-bg.png\" alt=\"\">\n\t\t<\/div>\n\t\t\t<div class=\"container\">\n\t\t\t\t\t\t<h1 class=\"title\">Qui som<\/h1>\n\t\t\t\t\t\t\t\t\t<p class=\"subtitle\">Som una entitat asseguradora especialitzada assist\u00e8ncia sanit\u00e0ria<\/p>\n\t\t\t\t<\/div>\n<\/div>\n\n\n\n\n<div class=\"section-menu\" id=\"modulo-menu-block_5d7f746a8f8e2\">\n\t<div class=\"top-menu\">\n\t\t<div class=\"container\">\n\t\t\t<div class=\"menu-carrier\"><div class=\"menu-menu-quienes-somos-cat-container\"><ul id=\"who_we_are-menu\" class=\"menu\"><li id=\"menu-item-8582\" class=\"menu-item menu-item-type-post_type menu-item-object-page menu-item-8582\"><a href=\"https:\/\/www.mgc.es\/ca\/informacio-corporativa\/\">Qui som<\/a><\/li>\n<li id=\"menu-item-8583\" class=\"menu-item menu-item-type-post_type menu-item-object-page menu-item-8583\"><a href=\"https:\/\/www.mgc.es\/ca\/informes-xifres\/\">Informes i xifres<\/a><\/li>\n<li id=\"menu-item-8585\" class=\"menu-item menu-item-type-post_type menu-item-object-page menu-item-8585\"><a href=\"https:\/\/www.mgc.es\/ca\/organs-de-govern\/\">\u00d2rgans de govern<\/a><\/li>\n<li id=\"menu-item-8580\" class=\"menu-item menu-item-type-post_type menu-item-object-page menu-item-8580\"><a href=\"https:\/\/www.mgc.es\/ca\/cultura-corporativa\/\">Cultura corporativa<\/a><\/li>\n<li id=\"menu-item-8584\" class=\"menu-item menu-item-type-post_type menu-item-object-page menu-item-8584\"><a href=\"https:\/\/www.mgc.es\/ca\/les-nostres-oficines\/\">Les nostres oficines<\/a><\/li>\n<li id=\"menu-item-13233\" class=\"menu-item menu-item-type-post_type menu-item-object-page menu-item-13233\"><a href=\"https:\/\/www.mgc.es\/ca\/treballa-amb-nosaltres\/\">Treballa amb nosaltres<\/a><\/li>\n<li id=\"menu-item-24632\" class=\"menu-item menu-item-type-post_type menu-item-object-page menu-item-24632\"><a href=\"https:\/\/www.mgc.es\/ca\/faqs\/\">FAQs<\/a><\/li>\n<\/ul><\/div><\/div>\t\t<\/div>\n\t<\/div>\n<\/div>\n\n\n\n<div class=\"text-featured-lateral left\" id=\"destacado-text-izquierda-destacado-text-izquierda-block_5d723088f58f7\">\n\t<div class=\"container\">\n\t\t<div class=\"row info-row\">\n\t\t\t<div class=\"col-md-13 offset-md-9\">\n\t\t\t\t<div class=\"image-carrier\">\n\t\t\t\t\t\t\t\t\t\t<picture class=\"picture\">\n\t\t\t\t\t\t<source srcset=\"https:\/\/www.mgc.es\/wp-content\/uploads\/2019\/11\/1_informacio_corporativa_1.jpg\" media=\"(max-width: 450px)\">\n\t\t\t\t\t\t<img decoding=\"async\" src=\"https:\/\/www.mgc.es\/wp-content\/uploads\/2019\/11\/1_informacio_corporativa_1.jpg\" alt=\"\" >\n\t\t\t\t\t<\/picture>\n\t\t\t\t<\/div>\n\t\t\t<\/div>\n\t\t\t<div class=\"col-md-11 offset-md-1 info-col\">\n\t\t\t\t<div class=\"info-block\">\n\t\t\t\t\t<h2 class=\"title\">Per qu\u00e8 escollir MGC M\u00fatua?<\/h2>\n\t\t\t\t\t<div class=\"content\">\n\t\t\t\t\t\t<p>Perqu\u00e8 som una entitat asseguradora especialitzada en el ram d\u2019assist\u00e8ncia sanit\u00e0ria que s\u2019ha distingit per una s\u00e8rie de valors que la diferencien totalment de les companyies mercantils, destinant els beneficis obtinguts a l&#8217;ampliaci\u00f3 i millora de les <a href=\"https:\/\/www.mgc.es\/ca\/cobertures\/\">cobertures i serveis<\/a>.<\/p>\n\t\t\t\t\t<\/div>\n\t\t\t\t<\/div>\n\t\t\t<\/div>\n\t\t<\/div>\n\t<\/div>\n<\/div>\n\n\n\n<div class=\"text-featured-2\" id=\"destacado-text-2-destacado-text-2-block_5dce6bb94ced1\">\n\t<div class=\"container\">\n\t\t<div class=\"row\">\n\t\t\t<div class=\"col-md-9 offset-md-2\">\n\t\t\t\t<div class=\"image-carrier\">\n\t\t\t\t\t\t\t\t\t<picture class=\"picture\">\n\t\t\t\t\t\t<source srcset=\"https:\/\/www.mgc.es\/wp-content\/uploads\/2019\/11\/2_perque_escollir_mgc.jpg\" media=\"(max-width: 450px)\">\n\t\t\t\t\t\t<img decoding=\"async\" src=\"https:\/\/www.mgc.es\/wp-content\/uploads\/2019\/11\/2_perque_escollir_mgc.jpg\" alt=\"\" >\n\t\t\t\t\t<\/picture>\n\t\t\t\t<\/div>\n\t\t\t<\/div>\n\t\t\t<div class=\"col-md-9 offset-md-1\">\n\t\t\t\t<div class=\"info-block\">\n\t\t\t\t\t<p>Perqu\u00e8 posem a disposici\u00f3 dels assegurats les millors cobertures de salut, per tal que no se sentin desprotegits en cap moment. Aix\u00ed, any rere any incorporem a les cobertures les noves t\u00e8cniques, tant diagn\u00f2stiques com terap\u00e8utiques, que ajuden al tractament menys invasiu de les malalties.<\/p>\n<h3><strong>Missi\u00f3<\/strong><\/h3>\n<p>La nostra missi\u00f3 \u00e9s oferir avui i garantir per al futur assegurances personals de qualitat en les millors condicions i en benefici exclusiu del conjunt dels seus socis, \u00fanics propietaris de l&#8217;entitat.<\/p>\n<h3><strong>Visi\u00f3<\/strong><\/h3>\n<p>La nostra voluntat \u00e9s que la M\u00fatua sigui coneguda i reconeguda per fer les coses b\u00e9, per\u00f2 sobretot per estar implicada amb la societat d&#8217;una forma solid\u00e0ria, amb mutualistes satisfets i orgullosos de formar-ne part, i amb treballadors entusiastes de poder executar aquesta tasca donant un valor addicional a la seva feina i oferint el millor d&#8217;ells mateixos amb passi\u00f3.<\/p>\n\t\t\t\t<\/div>\n\t\t\t<\/div>\n\t\t<\/div>\n\t<\/div>\n<\/div>\n\n\n\n<div class=\"bloque-titulo section\">\n\t\t<div class=\"container\">\n\t\t\t\t\t<h2 class=\"title\">Els valors de la M\u00fatua<\/h2>\n\t\t\t\t<\/div>\n<\/div>\n\n\n\n<div class=\"text-featured-2\" id=\"destacado-text-2-destacado-text-2-block_5dce6db84ced6\">\n\t<div class=\"container\">\n\t\t<div class=\"row\">\n\t\t\t<div class=\"col-md-9 offset-md-2\">\n\t\t\t\t<div class=\"image-carrier\">\n\t\t\t\t\t\t\t\t\t<picture class=\"picture\">\n\t\t\t\t\t\t<source srcset=\"https:\/\/www.mgc.es\/wp-content\/uploads\/2019\/11\/3_els_valors.jpg\" media=\"(max-width: 450px)\">\n\t\t\t\t\t\t<img decoding=\"async\" src=\"https:\/\/www.mgc.es\/wp-content\/uploads\/2019\/11\/3_els_valors.jpg\" alt=\"\" >\n\t\t\t\t\t<\/picture>\n\t\t\t\t<\/div>\n\t\t\t<\/div>\n\t\t\t<div class=\"col-md-9 offset-md-1\">\n\t\t\t\t<div class=\"info-block\">\n\t\t\t\t\t<p>La base de la nostra estrat\u00e8gia no ha variat mai. Som fidels als valors que ens defineixen com a m\u00fatua: <strong>honestedat, coher\u00e8ncia, il\u00b7lusi\u00f3, esfor\u00e7, protecci\u00f3, comprom\u00eds,transpar\u00e8ncia, confian\u00e7a i solv\u00e8ncia.<\/strong><\/p>\n<p>Com a entitat asseguradora especialitzada en salut, el nostre ofici \u00e9s protegir la salut dels socis. Desenvolupem una pol\u00edtica de prevenci\u00f3, sostinguda i constant, promocionant un estil de vida saludable. Per aix\u00f2 no ens sentim una asseguradora com les altres, sin\u00f3 una <strong>\u201ccompanya de viatge\u201d dels mutualistes<\/strong>.<\/p>\n<p>Som una <strong>instituci\u00f3 hereva i alhora capdavantera de l&#8217;esperit del mutualisme<\/strong>, tan fermament arrelat a la societat civil catalana, i que nosaltres hem contribu\u00eft a consolidar i difondre gr\u00e0cies al nostre comprom\u00eds amb la responsabilitat civil i a la solv\u00e8ncia econ\u00f2mica.<\/p>\n<p>Us convidem a con\u00e8ixer\u00a0 la hist\u00f2ria de la M\u00fatua, els \u00f2rgans de govern de l&#8217;entitat i la nostra filosofia, expressada en el missatge del president.<\/p>\n\t\t\t\t<\/div>\n\t\t\t<\/div>\n\t\t<\/div>\n\t<\/div>\n<\/div>\n\n\n\n<div class=\"directors-letter-featured\" id=\"destacado-carta-director-destacado-carta-director-block_5d7230f8f58fa\">\n\t<div class=\"container\">\n\t\t<div class=\"row\">\n\t\t\t<div class=\"col-lg-6 offset-lg-2\">\n\t\t\t\t<div class=\"director-card\">\n\t\t\t\t\t<div class=\"image-carrier\">\n\t\t\t\t\t\t\t\t\t\t\t\t<picture class=\"picture\">\n\t\t\t\t\t\t\t<source srcset=\"https:\/\/www.mgc.es\/wp-content\/uploads\/2024\/01\/daniel_redondo_thumbnail-150x150.jpg\" media=\"(max-width: 450px)\">\n\t\t\t\t\t\t\t<img decoding=\"async\" src=\"https:\/\/www.mgc.es\/wp-content\/uploads\/2024\/01\/daniel_redondo_thumbnail-150x150.jpg\" alt=\"\" >\n\t\t\t\t\t\t<\/picture>\n\t\t\t\t\t<\/div>\n\t\t\t\t\t<div class=\"director-info\">\n\t\t\t\t\t\t<h4 class=\"director-name\">Sr. Daniel Redondo<\/h4>\n\t\t\t\t\t\t<p class=\"director-position\">President  d&#8217;MGC M\u00fatua<\/p>\n\t\t\t\t\t<\/div>\n\t\t\t\t<\/div>\n\t\t\t<\/div>\n\t\t\t<div class=\"col-lg-11 offset-lg-1\">\n\t\t\t\t<div class=\"title-row\">\n\t\t\t\t\t<h2 class=\"title\">Carta del president<\/h2>\n\t\t\t\t\t<h5 class=\"subtitle\">Exercici 2023-2024<\/h5>\n\t\t\t\t<\/div>\n\t\t\t\t<div class=\"content\">\n\t\t\t\t\t<p>Des de la presid\u00e8ncia de l\u2019entitat pretenc continuar promovent els principis que transmet MGC M\u00fatua, aix\u00ed com la sincera i natural voluntat d\u2019adaptaci\u00f3 i comprensi\u00f3 de les necessitats de cada assegurat. El nostre objectiu \u00e9s actualitzar i modernitzar el mutualisme, basant-nos en els seus valors i la seva autenticitat. Ha arribat l&#8217;\u00e8poca en qu\u00e8 el mutualista se sentir\u00e0 m\u00e9s orgull\u00f3s de ser-ho.<\/p>\n<p>A la M\u00fatua conservem el somni que ens marca el cam\u00ed de la nostra recta traject\u00f2ria en qualsevol escenari i circumst\u00e0ncia. Aquest somni, en el que perseverem, \u00e9s aconseguir el m\u00e9s alt nivell d&#8217;excel\u00b7l\u00e8ncia, tant en termes de qualitat com d&#8217;agilitat, efic\u00e0cia i seguretat.<\/p>\n<p>Al llarg dels m\u00e9s de 40 anys d\u2019exist\u00e8ncia de la M\u00fatua, el creixement ha estat constant i sostingut. La il\u00b7lusi\u00f3 i solidesa del nostre projecte ha aconseguit que ens consolidem com una de les primeres m\u00fatues a Catalunya i una de les m\u00e9s ben valorades pels metges, sin\u00f3 la que m\u00e9s.<\/p>\n<p>Aquest fet, a banda d&#8217;omplir-me d&#8217;una satisfacci\u00f3 ben leg\u00edtima pel reconeixement rebut, \u00e9s tamb\u00e9 un est\u00edmul per a totes les persones que treballem a la M\u00fatua per tal de correspondre a la confian\u00e7a que ens atorguen els mutualistes.<\/p>\n\t\t\t\t<\/div>\n\t\t\t\t<div class=\"row file-download-section\">\n\t\t\t\t\t<div class=\"col-lg-17 col-md-18 offset-md-3\">\n\t\t\t\t\t\t<div class=\"file-button\">\n\t\t\t\t\t\t\t<div class=\"file-download-title\">\n\t\t\t\t\t\t\t\t<h4 class=\"file-title\">Informe Anual<\/h4>\n\t\t\t\t\t\t\t\t<p class=\"file-subtitle\"><\/p>\n\t\t\t\t\t\t\t<\/div>\n\t\t\t\t\t\t\t<i class=\"icon-descargar\"><\/i>\n\t\t\t\t\t\t\t<a class=\"invisible-button\" href=\"https:\/\/www.mgc.es\/wp-content\/uploads\/2024\/11\/241104_informe_anual_2023_complet_ca_web.pdf\" download><\/a>\n\t\t\t\t\t\t<\/div>\n\t\t\t\t\t<\/div>\n\t\t\t\t<\/div>\n\t\t\t<\/div>\n\t\t<\/div>\n\t<\/div>\n<\/div>\n\n\n\n<div class=\"bloque-titulo section\">\n\t\t<div class=\"container\">\n\t\t\t\t\t<h2 class=\"title\">Qu\u00e8 \u00e9s una mutualitat?<\/h2>\n\t\t\t\t<\/div>\n<\/div>\n\n\n\n<div class=\"text-featured-2\" id=\"destacado-text-2-destacado-text-2-block_5dce6f814ced8\">\n\t<div class=\"container\">\n\t\t<div class=\"row\">\n\t\t\t<div class=\"col-md-9 offset-md-2\">\n\t\t\t\t<div class=\"image-carrier\">\n\t\t\t\t\t\t\t\t\t<picture class=\"picture\">\n\t\t\t\t\t\t<source srcset=\"https:\/\/www.mgc.es\/wp-content\/uploads\/2019\/11\/5_que_es_una_mutualitat_1.jpg\" media=\"(max-width: 450px)\">\n\t\t\t\t\t\t<img decoding=\"async\" src=\"https:\/\/www.mgc.es\/wp-content\/uploads\/2019\/11\/5_que_es_una_mutualitat_1.jpg\" alt=\"\" >\n\t\t\t\t\t<\/picture>\n\t\t\t\t<\/div>\n\t\t\t<\/div>\n\t\t\t<div class=\"col-md-9 offset-md-1\">\n\t\t\t\t<div class=\"info-block\">\n\t\t\t\t\t<p>Les mutualitats tenen el seu origen en els <em>collegia tenuiorum<\/em> (col\u00b7legis d&#8217;artesans) de l&#8217;\u00e8poca romana, els quals evolucionaren en el si dels gremis medievals. Amb tot, cal esperar fins al segle XVIII, durant la Il\u00b7lustraci\u00f3, per trobar-ne l&#8217;antecedent m\u00e9s directe: les germandats.<\/p>\n<p>La mutualitat \u00e9s una opci\u00f3 asseguradora moderna i efica\u00e7 que s&#8217;erigeix com la millor via per a complementar les prestacions p\u00fabliques, amb l&#8217;oferta d&#8217;un ampli ventall d&#8217;assegurances per a la protecci\u00f3 de les persones i amb totes les garanties financeres que imposen la solv\u00e8ncia i la capitalitzaci\u00f3.<\/p>\n\t\t\t\t<\/div>\n\t\t\t<\/div>\n\t\t<\/div>\n\t<\/div>\n<\/div>\n\n\n\n<div class=\"text-featured-2\" id=\"destacado-text-2-destacado-text-2-block_5d7230daf58f9\">\n\t<div class=\"container\">\n\t\t<div class=\"row\">\n\t\t\t<div class=\"col-md-9 offset-md-2\">\n\t\t\t\t<div class=\"image-carrier\">\n\t\t\t\t\t\t\t\t\t<picture class=\"picture\">\n\t\t\t\t\t\t<source srcset=\"https:\/\/www.mgc.es\/wp-content\/uploads\/2019\/11\/6_que_es_una_mutualitat_2.jpg\" media=\"(max-width: 450px)\">\n\t\t\t\t\t\t<img decoding=\"async\" src=\"https:\/\/www.mgc.es\/wp-content\/uploads\/2019\/11\/6_que_es_una_mutualitat_2.jpg\" alt=\"\" >\n\t\t\t\t\t<\/picture>\n\t\t\t\t<\/div>\n\t\t\t<\/div>\n\t\t\t<div class=\"col-md-9 offset-md-1\">\n\t\t\t\t<div class=\"info-block\">\n\t\t\t\t\t<p>Les mutualitats o m\u00fatues es defineixen amb sis trets espec\u00edfics:<\/p>\n<ul>\n<li>S\u00f3n <strong>entitats asseguradores<\/strong> i prestadores de serveis, especialitzades en les persones.<\/li>\n<li>S\u00f3n <strong>entitats sense \u00e0nim de lucre<\/strong>, de manera que tots els beneficis obtinguts es destinen a fer possible la consecuci\u00f3 de les seves finalitats socials, a l&#8217;ampliaci\u00f3 de les prestacions, i no a la retribuci\u00f3 de capitals.<\/li>\n<li>S\u00f3n <strong>associacions democr\u00e0tiques<\/strong>, en les quals els assegurats, aut\u00e8ntics propietaris de l&#8217;entitat, participen responsablement en la presa de decisions.<\/li>\n<li>S\u00f3n <strong>entitats privades<\/strong> que formen part de l&#8217;anomenada economia social.<\/li>\n<li>S\u00f3n <strong>volunt\u00e0ries<\/strong>, tant pel que fa a la constituci\u00f3 com a l&#8217;adscripci\u00f3.<\/li>\n<li>S\u00f3n <strong>solid\u00e0ries<\/strong>, perqu\u00e8 neixen de la voluntat col\u00b7lectiva -m\u00fatua- d&#8217;assegurar els riscs de la vida i d&#8217;oferir serveis socials.<\/li>\n<\/ul>\n\t\t\t\t<\/div>\n\t\t\t<\/div>\n\t\t<\/div>\n\t<\/div>\n<\/div>\n\n\n\n\n<div class=\"timeline-section\" id=\"modulo-timelineblock_5d7770cb73531\">\n\t<div class=\"container\">\n\t\t<div class=\"row\">\n\t\t\t<div class=\"col-lg-12 offset-lg-6\">\n\t\t\t\t<div class=\"title-carrier\">\n\t\t\t\t\t<h2 class=\"title\">La hist\u00f2ria d&#8217;MGC M\u00fatua<\/h2>\n\t\t\t\t<\/div>\n\t\t\t<\/div>\n\t\t<\/div>\n\t\t<div class=\"row\">\n\t\t\t<div class=\"col-lg-20 offset-lg-2\">\n\t\t\t\t<ul class=\"timeline\">\n\t\t\t\t\t\t\t\t\t<li class=\"\">\n\t\t\t\t\t\t<div class=\"timeline-panel\">\n\t\t\t\t\t\t\t\t\t\t\t\t\t\t<span class=\"timeline-year\">1984<\/span>\n\t\t\t\t\t\t\t<h3 class=\"timeline-title\">Junta fundacional<\/h3>\n\t\t\t\t\t\t\t<div class=\"timeline-text\"><p>L&#8217;antecedent de la M\u00fatua va ser el sorgiment, l&#8217;any 1973, en el si de la societat civil catalana, del projecte Hospital General de Catalunya.<\/p>\n<p><strong>Aquest va ser l&#8217;origen de la M\u00fatua General de Catalunya, ara MGC M\u00fatua.<\/strong><\/p>\n<p>L&#8217;any <strong>1984 va tenir lloc la Junta Fundacional de la M\u00fatua de Previsi\u00f3 Social Hospital General de Catalunya<\/strong>, creada amb la finalitat d&#8217;assegurar les despeses derivades de futures prestacions assistencials, rebudes en aquest Hospital. Neixia, doncs, com una entitat independent, tot i que vinculada a l\u2019Hospital General de Catalunya.<\/p>\n<p>&nbsp;<\/p>\n<\/div>\n\t\t\t\t\t\t<\/div>\n\t\t\t\t\t<\/li>\n\t\t\t\t\t\t\t\t\t<li class=\"timeline-inverted\">\n\t\t\t\t\t\t<div class=\"timeline-panel\">\n\t\t\t\t\t\t\t\t\t\t\t\t\t\t<div class=\"timeline-img-carrier\">\n\t\t\t\t\t\t\t\t<picture class=\"picture\">\n\t\t\t\t\t\t\t\t\t<source srcset=\"https:\/\/www.mgc.es\/wp-content\/uploads\/2019\/11\/7_historia_1995_quadre_serveis_assistencials.jpg\" media=\"(max-width: 450px)\">\n\t\t\t\t\t\t\t\t\t<img decoding=\"async\" src=\"https:\/\/www.mgc.es\/wp-content\/uploads\/2019\/11\/7_historia_1995_quadre_serveis_assistencials.jpg\" alt=\"\" >\n\t\t\t\t\t\t\t\t<\/picture>\n\t\t\t\t\t\t\t<\/div>\n\t\t\t\t\t\t\t\t\t\t\t\t\t\t<span class=\"timeline-year\">1995<\/span>\n\t\t\t\t\t\t\t<h3 class=\"timeline-title\">Quadre de serveis assistencials <\/h3>\n\t\t\t\t\t\t\t<div class=\"timeline-text\"><p>L&#8217;any <strong>1995<\/strong>, davant de l\u2019anunci per part de l&#8217;Hospital de concertar, a partir de l&#8217;1 de gener de <strong>1996<\/strong>, amb les diferents asseguradores que operen en el ram de salut, trencant unilateralment els acords que tenia amb la M\u00fatua, <strong>aquesta decideix obrir el quadre de serveis assistencials<\/strong> a qualsevol altre prove\u00efdor sanitari que compleixi els est\u00e0ndards de qualitat requerits.<\/p>\n<p>Aquest primer Quadre Assistencial, de febrer de 1996, cobria, b\u00e0sicament la prov\u00edncia de Barcelona i comptava amb un total de 1.131 refer\u00e8ncies. <strong>Avui el Quadre M\u00e8dic de la M\u00fatua supera les 12.000 refer\u00e8ncies<\/strong>, nom\u00e9s a Catalunya i Balears, i abasta tota la geografia espanyola amb m\u00e9s de 45.000 refer\u00e8ncies en total.<\/p>\n<\/div>\n\t\t\t\t\t\t<\/div>\n\t\t\t\t\t<\/li>\n\t\t\t\t\t\t\t\t\t<li class=\"\">\n\t\t\t\t\t\t<div class=\"timeline-panel\">\n\t\t\t\t\t\t\t\t\t\t\t\t\t\t<div class=\"timeline-img-carrier\">\n\t\t\t\t\t\t\t\t<picture class=\"picture\">\n\t\t\t\t\t\t\t\t\t<source srcset=\"https:\/\/www.mgc.es\/wp-content\/uploads\/2019\/11\/7_historia_1996_fundacio.jpg\" media=\"(max-width: 450px)\">\n\t\t\t\t\t\t\t\t\t<img decoding=\"async\" src=\"https:\/\/www.mgc.es\/wp-content\/uploads\/2019\/11\/7_historia_1996_fundacio.jpg\" alt=\"\" >\n\t\t\t\t\t\t\t\t<\/picture>\n\t\t\t\t\t\t\t<\/div>\n\t\t\t\t\t\t\t\t\t\t\t\t\t\t<span class=\"timeline-year\">1996<\/span>\n\t\t\t\t\t\t\t<h3 class=\"timeline-title\">Fundaci\u00f3 MGC<\/h3>\n\t\t\t\t\t\t\t<div class=\"timeline-text\"><p>Aquest mateix any, el <strong>1996<\/strong>, la M\u00fatua <strong>canvia la seva denominaci\u00f3 per la de M\u00fatua General de Catalunya<\/strong>, inaugura una <strong>nova seu social, l&#8217;actual, al carrer Tuset 5-11 de Barcelona <\/strong>i signa el primer d\u2019una llarga s\u00e8rie d\u2019acords amb col\u00b7lectius professionals.<\/p>\n<p>Tamb\u00e9 es constitueix la Fundaci\u00f3 Mil\u00b7lenni, actualment <a href=\"https:\/\/www.mgc.es\/fundacion-mgc\/\"><strong>Fundaci\u00f3 MGC<\/strong><\/a>, un element essencial per a la M\u00fatua, en tant que instrument mitjan\u00e7ant el qual es canalitza l\u2019obra social d\u2019aquesta. Malgrat no ser el seu objectiu, ha resultat determinant el paper que ha tingut, i t\u00e9, com a <strong>vehicle de difusi\u00f3 del nom de la M\u00fatua<\/strong>.<\/p>\n<\/div>\n\t\t\t\t\t\t<\/div>\n\t\t\t\t\t<\/li>\n\t\t\t\t\t\t\t\t\t<li class=\"timeline-inverted\">\n\t\t\t\t\t\t<div class=\"timeline-panel\">\n\t\t\t\t\t\t\t\t\t\t\t\t\t\t<div class=\"timeline-img-carrier\">\n\t\t\t\t\t\t\t\t<picture class=\"picture\">\n\t\t\t\t\t\t\t\t\t<source srcset=\"https:\/\/www.mgc.es\/wp-content\/uploads\/2019\/11\/7_historia_2004_corredoria.jpg\" media=\"(max-width: 450px)\">\n\t\t\t\t\t\t\t\t\t<img decoding=\"async\" src=\"https:\/\/www.mgc.es\/wp-content\/uploads\/2019\/11\/7_historia_2004_corredoria.jpg\" alt=\"\" >\n\t\t\t\t\t\t\t\t<\/picture>\n\t\t\t\t\t\t\t<\/div>\n\t\t\t\t\t\t\t\t\t\t\t\t\t\t<span class=\"timeline-year\">2004<\/span>\n\t\t\t\t\t\t\t<h3 class=\"timeline-title\">Corredoria MGC<\/h3>\n\t\t\t\t\t\t\t<div class=\"timeline-text\"><p><strong>MGC M\u00fatua<\/strong>, fidel al seu comprom\u00eds d&#8217;oferir sempre les millors cobertures en les millors condicions, l&#8217;any <strong>2004 <\/strong>amplia el ventall de serveis per als seus mutualistes, incorporant <strong>MGC Corredoria d&#8217;Assegurances<\/strong>, amb l&#8217;objectiu clar de promoure la m\u00e0xima oferta asseguradora per a la protecci\u00f3 de la llar, autom\u00f2bils, comer\u00e7os i pimes, entre altres, amb avantatges exclusius<\/p>\n<\/div>\n\t\t\t\t\t\t<\/div>\n\t\t\t\t\t<\/li>\n\t\t\t\t\t\t\t\t\t<li class=\"\">\n\t\t\t\t\t\t<div class=\"timeline-panel\">\n\t\t\t\t\t\t\t\t\t\t\t\t\t\t<div class=\"timeline-img-carrier\">\n\t\t\t\t\t\t\t\t<picture class=\"picture\">\n\t\t\t\t\t\t\t\t\t<source srcset=\"https:\/\/www.mgc.es\/wp-content\/uploads\/2019\/11\/7_historia_2010_mutua_assegurances_generals.jpg\" media=\"(max-width: 450px)\">\n\t\t\t\t\t\t\t\t\t<img decoding=\"async\" src=\"https:\/\/www.mgc.es\/wp-content\/uploads\/2019\/11\/7_historia_2010_mutua_assegurances_generals.jpg\" alt=\"\" >\n\t\t\t\t\t\t\t\t<\/picture>\n\t\t\t\t\t\t\t<\/div>\n\t\t\t\t\t\t\t\t\t\t\t\t\t\t<span class=\"timeline-year\">2010<\/span>\n\t\t\t\t\t\t\t<h3 class=\"timeline-title\">M\u00fatua d\u2019assegurances generals <\/h3>\n\t\t\t\t\t\t\t<div class=\"timeline-text\"><p>Fidels als valors que defineixen l\u2019entitat, amb la finalitat se situar-la en les millors condicions davant de la previsible evoluci\u00f3 del sector assegurador, l\u2019any <strong>2010 <\/strong>la M\u00fatua es va transformar <strong>en m\u00fatua d\u2019assegurances generals i va ampliar el seu \u00e0mbit territorial a tot l\u2019estat espanyol<\/strong>.<br \/>\n<strong><br \/>\nMGC M\u00fatua, digne representant de l&#8217;esperit mutualista<\/strong> catal\u00e0 va saber encap\u00e7alar i donar continu\u00eftat a un moviment de renovaci\u00f3 del mutualisme gr\u00e0cies a un proc\u00e9s de fusions i acords de col\u00b7laboraci\u00f3 amb altres mutualitats, proc\u00e9s que ha contribu\u00eft a consolidar i difondre gr\u00e0cies al seu ferm comprom\u00eds amb la responsabilitat social i la solv\u00e8ncia econ\u00f2mica.<\/p>\n<\/div>\n\t\t\t\t\t\t<\/div>\n\t\t\t\t\t<\/li>\n\t\t\t\t\t\t\t\t\t<li class=\"timeline-inverted\">\n\t\t\t\t\t\t<div class=\"timeline-panel\">\n\t\t\t\t\t\t\t\t\t\t\t\t\t\t<div class=\"timeline-img-carrier\">\n\t\t\t\t\t\t\t\t<picture class=\"picture\">\n\t\t\t\t\t\t\t\t\t<source srcset=\"https:\/\/www.mgc.es\/wp-content\/uploads\/2019\/11\/7_historia_acords.jpg\" media=\"(max-width: 450px)\">\n\t\t\t\t\t\t\t\t\t<img decoding=\"async\" src=\"https:\/\/www.mgc.es\/wp-content\/uploads\/2019\/11\/7_historia_acords.jpg\" alt=\"\" >\n\t\t\t\t\t\t\t\t<\/picture>\n\t\t\t\t\t\t\t<\/div>\n\t\t\t\t\t\t\t\t\t\t\t\t\t\t<span class=\"timeline-year\">Actualment<\/span>\n\t\t\t\t\t\t\t<h3 class=\"timeline-title\">Acords<\/h3>\n\t\t\t\t\t\t\t<div class=\"timeline-text\"><p>Actualment, <strong>estan vigents i actius m\u00e9s de 100 acords<\/strong> amb col\u00b7legis professionals, mutualitats, associacions, clubs esportius i escoles, que han escollit l\u2019entitat per oferir les assegurances als seus membres.<\/p>\n<p>Els Col\u00b7legis de Farmac\u00e8utics de Barcelona, Fisioterapeutes de Catalunya, Metges de Girona, Infermeria de Barcelona i una llarga llista m\u00e9s de col\u00b7legis de l&#8217;\u00e0mbit de la salut confien en la M\u00fatua General de Catalunya. Tamb\u00e9 col\u00b7legis de sectors molt diversos, com ara economistes, polit\u00f2legs i soci\u00f2legs, qu\u00edmics, administradors de finques, graduats socials, enginyers t\u00e8cnics industrials i molts m\u00e9s&#8230;. conformen el gran nombre de col\u00b7legis que han escollit la M\u00fatua com la seva m\u00fatua de confian\u00e7a.<\/p>\n<\/div>\n\t\t\t\t\t\t<\/div>\n\t\t\t\t\t<\/li>\n\t\t\t\t\t\t\t\t\t<li class=\"\">\n\t\t\t\t\t\t<div class=\"timeline-panel\">\n\t\t\t\t\t\t\t\t\t\t\t\t\t\t<div class=\"timeline-img-carrier\">\n\t\t\t\t\t\t\t\t<picture class=\"picture\">\n\t\t\t\t\t\t\t\t\t<source srcset=\"https:\/\/www.mgc.es\/wp-content\/uploads\/2019\/11\/7_historia_creixement.jpg\" media=\"(max-width: 450px)\">\n\t\t\t\t\t\t\t\t\t<img decoding=\"async\" src=\"https:\/\/www.mgc.es\/wp-content\/uploads\/2019\/11\/7_historia_creixement.jpg\" alt=\"\" >\n\t\t\t\t\t\t\t\t<\/picture>\n\t\t\t\t\t\t\t<\/div>\n\t\t\t\t\t\t\t\t\t\t\t\t\t\t<span class=\"timeline-year\"><\/span>\n\t\t\t\t\t\t\t<h3 class=\"timeline-title\">Creixement sostingut<\/h3>\n\t\t\t\t\t\t\t<div class=\"timeline-text\"><p><strong> La M\u00fatua ha experimentat un creixement continuat i sostingut<\/strong> en nombre de mutualistes i en volum de quotes, el que reflecteix l\u2019alt grau d\u2019acceptaci\u00f3 de les seves assegurances entre la nostra societat, tant per <strong>l\u2019amplitud de les cobertures com per la flexibilitat i adaptabilitat<\/strong> a les necessitats concretes de cada mutualista.<\/p>\n<p>L\u2019encert en les seves actuacions ha perm\u00e8s que <strong>MGC M\u00fatua<\/strong> ocupi avui dia llocs destacats en els r\u00e0nquings del sector en el ram d\u2019assist\u00e8ncia sanit\u00e0ria,<strong> tant catal\u00e0 com estatal<\/strong>.<\/p>\n<p>El creixement de la M\u00fatua tamb\u00e9 es reflecteix i cobra especial rellev\u00e0ncia amb la creaci\u00f3 de dos centres m\u00e8dics propis: <strong>el <a href=\"https:\/\/www.mgc.es\/clinicas\/centro-medico-mgc\/\">Centre M\u00e8dic MGC<\/a> i la Cl\u00ednica Belodonte.<\/strong><\/p>\n<p>&nbsp;<\/p>\n<\/div>\n\t\t\t\t\t\t<\/div>\n\t\t\t\t\t<\/li>\n\t\t\t\t\t\t\t\t\t<li class=\"timeline-inverted\">\n\t\t\t\t\t\t<div class=\"timeline-panel\">\n\t\t\t\t\t\t\t\t\t\t\t\t\t\t<div class=\"timeline-img-carrier\">\n\t\t\t\t\t\t\t\t<picture class=\"picture\">\n\t\t\t\t\t\t\t\t\t<source srcset=\"https:\/\/www.mgc.es\/wp-content\/uploads\/2022\/03\/vida_generic_573869317-440x247.jpg\" media=\"(max-width: 450px)\">\n\t\t\t\t\t\t\t\t\t<img decoding=\"async\" src=\"https:\/\/www.mgc.es\/wp-content\/uploads\/2022\/03\/vida_generic_573869317.jpg\" alt=\"\" >\n\t\t\t\t\t\t\t\t<\/picture>\n\t\t\t\t\t\t\t<\/div>\n\t\t\t\t\t\t\t\t\t\t\t\t\t\t<span class=\"timeline-year\">2019<\/span>\n\t\t\t\t\t\t\t<h3 class=\"timeline-title\">Adquisici\u00f3 del 51% de CA Life Insurance Expert<\/h3>\n\t\t\t\t\t\t\t<div class=\"timeline-text\"><p>MGC Mutua signa un acord amb Cr\u00e8dit Andorr\u00e0 per entrar a l&#8217;accionariat de <a href=\"https:\/\/www.calife.es\/\">CA Life Insurance Experts<\/a>, companyia espanyola especialitzada en <strong>assegurances de vida<\/strong>. CALIfe es focalitza en la mediaci\u00f3, col\u00b7laborant en el desenvolupament del seu negoci, i en oferir un servei proper i \u00e0gil al client. En vida risc compta amb una \u00e0mplia oferta de productes innovadors, l&#8217;atractiu dels quals rau en la seva adaptabilitat i ajustament a les necessitats reals dels clients. En estalvi disposa de productes competitius, aix\u00ed com una completa oferta en plans de pensions a trav\u00e9s de la seva gestora.<\/p>\n<p>El fet de <strong>compartir valors i filosofia<\/strong>, maneres de fer i d\u2019entendre com evoluciona el sector assegurador i, \u00e9s clar, la vocaci\u00f3 de servei que defineixen tant CA Life com MGC M\u00fatua a, faciliten aquest projecte i el seu \u00e8xit. Sens dubte, hi guanyen tots, els mutualistes i les persones de l\u2019entorn de Cr\u00e8dit Andorr\u00e0 i CA Life, que tenen a la seva disposici\u00f3 una \u00e0mplia oferta asseguradora d\u2019una qualitat excel\u00b7lent.<\/p>\n<\/div>\n\t\t\t\t\t\t<\/div>\n\t\t\t\t\t<\/li>\n\t\t\t\t\t\t\t\t\t<li class=\"\">\n\t\t\t\t\t\t<div class=\"timeline-panel\">\n\t\t\t\t\t\t\t\t\t\t\t\t\t\t<div class=\"timeline-img-carrier\">\n\t\t\t\t\t\t\t\t<picture class=\"picture\">\n\t\t\t\t\t\t\t\t\t<source srcset=\"https:\/\/www.mgc.es\/wp-content\/uploads\/2019\/11\/smile-evaluacio-redu.jpg\" media=\"(max-width: 450px)\">\n\t\t\t\t\t\t\t\t\t<img decoding=\"async\" src=\"https:\/\/www.mgc.es\/wp-content\/uploads\/2019\/11\/smile-evaluacio-redu.jpg\" alt=\"\" >\n\t\t\t\t\t\t\t\t<\/picture>\n\t\t\t\t\t\t\t<\/div>\n\t\t\t\t\t\t\t\t\t\t\t\t\t\t<span class=\"timeline-year\">2020 <\/span>\n\t\t\t\t\t\t\t<h3 class=\"timeline-title\">Millor asseguradora de salut d&#8217;Espanya segons l\u2019OCU<\/h3>\n\t\t\t\t\t\t\t<div class=\"timeline-text\"><p>A l\u2019enquesta\u00a0<strong>\u201cSatisfacci\u00f3 amb les assegurances de salut\u201d<\/strong>, duta a terme entre els seus socis per l\u2019<strong>OCU, l\u2019Organitzaci\u00f3 de Consumidors i Usuaris<\/strong>\u00a0(publicada a la revista\u00a0<em>Dinero y Derechos<\/em>, n\u00fam. 181, novembre 2020), MGC M\u00fatua torna a ocupar per segon any la primera posici\u00f3 del r\u00e0nquing, amb la <a href=\"https:\/\/www.mgc.es\/ca\/blog\/mgc-mutua-torna-a-ser-considerada-la-millor-asseguradora-despanya\/\">millor valoraci\u00f3<\/a> pel que fa a\u00a0<strong>\u201csatisfacci\u00f3 general\u201d.<\/strong><\/p>\n<p>Aix\u00ed mateix, la M\u00fatua treu una puntuaci\u00f3 excel\u00b7lent en aspectes com la\u00a0<strong>qualitat de l\u2019assist\u00e8ncia m\u00e8dica<\/strong>, les\u00a0<strong>cobertures<\/strong>\u00a0(els tractaments que inclou la p\u00f2lissa, metges, hospitals\u2026),\u00a0<strong>l\u2019atenci\u00f3 personal<\/strong>\u00a0(presencial, telef\u00f2nica i online) i\u00a0<strong>l\u2019agilitat en els tr\u00e0mits administratius<\/strong>\u00a0i\u00a0<strong>autoritzacions de proves<\/strong>, entre d\u2019altres. L\u2019entitat asseguradora \u00e9s la millor valorada amb una dist\u00e0ncia notable respecte dels grans grups d\u2019\u00e0mbit estatal.<\/p>\n<\/div>\n\t\t\t\t\t\t<\/div>\n\t\t\t\t\t<\/li>\n\t\t\t\t\t\t\t\t\t<li class=\"timeline-inverted\">\n\t\t\t\t\t\t<div class=\"timeline-panel\">\n\t\t\t\t\t\t\t\t\t\t\t\t\t\t<div class=\"timeline-img-carrier\">\n\t\t\t\t\t\t\t\t<picture class=\"picture\">\n\t\t\t\t\t\t\t\t\t<source srcset=\"https:\/\/www.mgc.es\/wp-content\/uploads\/2022\/03\/unir-piezas-puzle-440x293.jpg\" media=\"(max-width: 450px)\">\n\t\t\t\t\t\t\t\t\t<img decoding=\"async\" src=\"https:\/\/www.mgc.es\/wp-content\/uploads\/2022\/03\/unir-piezas-puzle.jpg\" alt=\"\" >\n\t\t\t\t\t\t\t\t<\/picture>\n\t\t\t\t\t\t\t<\/div>\n\t\t\t\t\t\t\t\t\t\t\t\t\t\t<span class=\"timeline-year\">2021<\/span>\n\t\t\t\t\t\t\t<h3 class=\"timeline-title\">Integraci\u00f3 de M\u00fatua Igualadina<\/h3>\n\t\t\t\t\t\t\t<div class=\"timeline-text\"><p>Els mutualistes de M\u00fatua Igualadina s\u2019incorporen a MGC M\u00fatua i passen a ser-ne mutualistes, amb tots el drets i obligacions que es reconeixen en els seus estatuts socials. L\u2019operaci\u00f3 <strong>\u00e9s una fusi\u00f3 per la qual MGC M\u00fatua absorbeix M\u00fatua Igualadina<\/strong>, i n\u2019assumeix tots els actius i passius que componen el patrimoni, les reserves i el fons mutual de M\u00fatua Igualadina.<\/p>\n<p>Aquesta operaci\u00f3 s\u2019emmarca en el proc\u00e9s que ha portat a terme l\u2019entitat per <strong>cr\u00e9ixer a Catalunya a trav\u00e9s de la incorporaci\u00f3 d\u2019altres m\u00fatues<\/strong> especialitzades en salut i amb una forta implantaci\u00f3 local.<\/p>\n<p>La integraci\u00f3 de totes dues ha tingut com a resultat una <strong>entitat fusionada m\u00e9s solvent, eficient<\/strong> i en condicions d\u2019oferir un millor servei als seus mutualistes, amb un cat\u00e0leg de productes superior i m\u00e9s competitiu, que aprofita les sin\u00e8rgies de totes dues entitats, i que disposa d\u2019una oferta complement\u00e0ria de productes i serveis que presten les empreses del grup MGC. Tot plegat comporta un important benefici a les persones assegurades d\u2019ambdues entitats.<\/p>\n<\/div>\n\t\t\t\t\t\t<\/div>\n\t\t\t\t\t<\/li>\n\t\t\t\t\t\t\t\t\t<li class=\"\">\n\t\t\t\t\t\t<div class=\"timeline-panel\">\n\t\t\t\t\t\t\t\t\t\t\t\t\t\t<div class=\"timeline-img-carrier\">\n\t\t\t\t\t\t\t\t<picture class=\"picture\">\n\t\t\t\t\t\t\t\t\t<source srcset=\"https:\/\/www.mgc.es\/wp-content\/uploads\/2022\/04\/quadre_medic-440x326.jpg\" media=\"(max-width: 450px)\">\n\t\t\t\t\t\t\t\t\t<img decoding=\"async\" src=\"https:\/\/www.mgc.es\/wp-content\/uploads\/2022\/04\/quadre_medic.jpg\" alt=\"\" >\n\t\t\t\t\t\t\t\t<\/picture>\n\t\t\t\t\t\t\t<\/div>\n\t\t\t\t\t\t\t\t\t\t\t\t\t\t<span class=\"timeline-year\">2022<\/span>\n\t\t\t\t\t\t\t<h3 class=\"timeline-title\">MGC M\u00fatua, entre les m\u00e9s ben valorades per tots els col\u00b7legis de metges de Catalunya<\/h3>\n\t\t\t\t\t\t\t<div class=\"timeline-text\"><p>Segons l\u2019enquesta del\u00a0<strong>Consell de Col\u00b7legis de Metges de Catalunya<\/strong>\u00a0duta a terme entre 900 facultatius entre novembre i desembre de 2021, MGC M\u00fatua torna a situar-se en les primeres posicions en el r\u00e0nquing.<\/p>\n<p>A l\u2019enquesta es preguntava als facultatius\u00a0<strong>quines consideren que s\u00f3n les tres asseguradores amb qu\u00e8 treballen millor, entre les quals es troba MGC M\u00fatua<\/strong>, que torna a revalidar el seu estatus d\u2019entitat de gran qualitat entre el col\u00b7lectiu m\u00e8dic. La M\u00fatua ha estat sempre entre les tres millors entitats asseguradores a tots els r\u00e0nquings elaborats pels col\u00b7legis de metges de Catalunya al llarg dels darrers anys.<\/p>\n<p>L\u2019enquesta analitza les condicions de treball dels professionals, la relaci\u00f3 del metge amb les companyies del sector, la qualitat de les assegurances de salut o l\u2019agilitat de les entitats en la gesti\u00f3 de tr\u00e0mits administratius i en els pagaments, entre altres.<\/p>\n<\/div>\n\t\t\t\t\t\t<\/div>\n\t\t\t\t\t<\/li>\n\t\t\t\t\t\t\t\t\t<li class=\"timeline-inverted\">\n\t\t\t\t\t\t<div class=\"timeline-panel\">\n\t\t\t\t\t\t\t\t\t\t\t\t\t\t<div class=\"timeline-img-carrier\">\n\t\t\t\t\t\t\t\t<picture class=\"picture\">\n\t\t\t\t\t\t\t\t\t<source srcset=\"\" media=\"(max-width: 450px)\">\n\t\t\t\t\t\t\t\t\t<img decoding=\"async\" src=\"https:\/\/www.mgc.es\/wp-content\/uploads\/2024\/09\/Madrid-_Puerta_del_Sol_-_51454839271-scaled.jpg\" alt=\"\" >\n\t\t\t\t\t\t\t\t<\/picture>\n\t\t\t\t\t\t\t<\/div>\n\t\t\t\t\t\t\t\t\t\t\t\t\t\t<span class=\"timeline-year\">2024<\/span>\n\t\t\t\t\t\t\t<h3 class=\"timeline-title\">MGC M\u00fatua absorbeix la centen\u00e0ria Caja de Socorros <\/h3>\n\t\t\t\t\t\t\t<div class=\"timeline-text\"><p>En el marc del pla estrat\u00e8gic d\u2019MGC M\u00fatua, que posa un \u00e8mfasi especial a impulsar el creixement sostenible i liderar el proc\u00e9s d&#8217;expansi\u00f3 a tot el territori nacional, l&#8217;entitat\u00a0 integra la Caja de Socorros, que permet a MGC M\u00fatua establir-se a la Comunitat de Madrid.<\/p>\n<p>Aix\u00ed mateix, s&#8217;espera una millora en la seva efici\u00e8ncia operativa i en la complementaci\u00f3 dels serveis que ofereix. D&#8217;aquesta manera, la M\u00fatua continua amb la seva estrat\u00e8gia d&#8217;enfortir la seva posici\u00f3 al mercat, com ja ho va fer el 2021, en adquirir la M\u00fatua Igualadina.<\/p>\n<p>Mitjan\u00e7ant aquesta fusi\u00f3 es pret\u00e9n oferir un millor servei als mutualistes d\u2019ambdues entitats, amb un cat\u00e0leg de productes m\u00e9s ampli i competitiu, comptant amb una oferta complement\u00e0ria que comportar\u00e0 un benefici important per als seus assegurats.<\/p>\n<\/div>\n\t\t\t\t\t\t<\/div>\n\t\t\t\t\t<\/li>\n\t\t\t\t\t\t\t\t\t<li class=\"\">\n\t\t\t\t\t\t<div class=\"timeline-panel\">\n\t\t\t\t\t\t\t\t\t\t\t\t\t\t<div class=\"timeline-img-carrier\">\n\t\t\t\t\t\t\t\t<picture class=\"picture\">\n\t\t\t\t\t\t\t\t\t<source srcset=\"https:\/\/www.mgc.es\/wp-content\/uploads\/2019\/11\/7_historia_oficines.jpg\" media=\"(max-width: 450px)\">\n\t\t\t\t\t\t\t\t\t<img decoding=\"async\" src=\"https:\/\/www.mgc.es\/wp-content\/uploads\/2019\/11\/7_historia_oficines.jpg\" alt=\"\" >\n\t\t\t\t\t\t\t\t<\/picture>\n\t\t\t\t\t\t\t<\/div>\n\t\t\t\t\t\t\t\t\t\t\t\t\t\t<span class=\"timeline-year\">Actualment<\/span>\n\t\t\t\t\t\t\t<h3 class=\"timeline-title\">23 oficines<\/h3>\n\t\t\t\t\t\t\t<div class=\"timeline-text\"><p><strong>MGC M\u00fatua<\/strong> t\u00e9 una forta implantaci\u00f3 al territori, amb 23 oficines a Catalunya i Balears, i pres\u00e8ncia a Val\u00e8ncia i Madrid. Les oficines s\u00f3n m\u00e9s que simples espais f\u00edsics. S\u2019ha creat un concepte innovador de servei, que engloba\u00a0 activitats pensades en exclusiva per als nostres mutualistes, com ara l&#8217;Espai M\u00fatua negocis que s&#8217;ha implantat progressivament a totes les oficines de l&#8217;entitat. Moltes oficines, a m\u00e9s, compten amb consultori m\u00e8dic que ofereix medicina general, psicologia i nutrici\u00f3 i diet\u00e8tica.<\/p>\n<\/div>\n\t\t\t\t\t\t<\/div>\n\t\t\t\t\t<\/li>\n\t\t\t\t\t\t\t\t<\/ul>\n\t\t\t<\/div>\n\t\t<\/div>\n\t<\/div>\n<\/div>\n\n\n\n<p><\/p>\n","protected":false},"excerpt":{"rendered":"","protected":false},"author":1,"featured_media":0,"parent":0,"menu_order":0,"comment_status":"closed","ping_status":"closed","template":"template-files\/page-parallax-background.php","meta":{"footnotes":""},"class_list":["post-8475","page","type-page","status-publish","hentry"],"featured_image_src":null,"yoast_head":"<!-- This site is optimized with the Yoast SEO plugin v27.2 - https:\/\/yoast.com\/product\/yoast-seo-wordpress\/ -->\n<title>Informaci\u00f3 corporativa - MGC M\u00fatua<\/title>\n<meta name=\"robots\" content=\"index, follow, max-snippet:-1, max-image-preview:large, max-video-preview:-1\" \/>\n<link rel=\"canonical\" href=\"https:\/\/www.mgc.es\/ca\/informacio-corporativa\/\" \/>\n<meta property=\"og:locale\" content=\"ca_ES\" \/>\n<meta property=\"og:type\" content=\"article\" \/>\n<meta property=\"og:title\" content=\"Informaci\u00f3 corporativa - MGC M\u00fatua\" \/>\n<meta property=\"og:url\" content=\"https:\/\/www.mgc.es\/ca\/informacio-corporativa\/\" \/>\n<meta property=\"og:site_name\" content=\"MGC M\u00fatua\" \/>\n<meta property=\"article:publisher\" content=\"https:\/\/www.facebook.com\/mgcmutua\" \/>\n<meta property=\"article:modified_time\" content=\"2024-11-08T09:48:08+00:00\" \/>\n<meta name=\"twitter:card\" content=\"summary_large_image\" \/>\n<meta name=\"twitter:site\" content=\"@mgcmutua\" \/>\n<!-- \/ Yoast SEO plugin. -->","yoast_head_json":{"title":"Informaci\u00f3 corporativa - MGC M\u00fatua","robots":{"index":"index","follow":"follow","max-snippet":"max-snippet:-1","max-image-preview":"max-image-preview:large","max-video-preview":"max-video-preview:-1"},"canonical":"https:\/\/www.mgc.es\/ca\/informacio-corporativa\/","og_locale":"ca_ES","og_type":"article","og_title":"Informaci\u00f3 corporativa - MGC M\u00fatua","og_url":"https:\/\/www.mgc.es\/ca\/informacio-corporativa\/","og_site_name":"MGC M\u00fatua","article_publisher":"https:\/\/www.facebook.com\/mgcmutua","article_modified_time":"2024-11-08T09:48:08+00:00","twitter_card":"summary_large_image","twitter_site":"@mgcmutua","schema":{"@context":"https:\/\/schema.org","@graph":[{"@type":"WebPage","@id":"https:\/\/www.mgc.es\/ca\/informacio-corporativa\/","url":"https:\/\/www.mgc.es\/ca\/informacio-corporativa\/","name":"Informaci\u00f3 corporativa - MGC M\u00fatua","isPartOf":{"@id":"https:\/\/www.mgc.es\/#website"},"datePublished":"2019-10-03T08:33:37+00:00","dateModified":"2024-11-08T09:48:08+00:00","breadcrumb":{"@id":"https:\/\/www.mgc.es\/ca\/informacio-corporativa\/#breadcrumb"},"inLanguage":"ca","potentialAction":[{"@type":"ReadAction","target":["https:\/\/www.mgc.es\/ca\/informacio-corporativa\/"]}]},{"@type":"BreadcrumbList","@id":"https:\/\/www.mgc.es\/ca\/informacio-corporativa\/#breadcrumb","itemListElement":[{"@type":"ListItem","position":1,"name":"Home","item":"https:\/\/www.mgc.es\/ca\/"},{"@type":"ListItem","position":2,"name":"Informaci\u00f3 corporativa"}]},{"@type":"WebSite","@id":"https:\/\/www.mgc.es\/#website","url":"https:\/\/www.mgc.es\/","name":"MGC M\u00fatua","description":"MGC M\u00fatua \u00e9s una entitat asseguradora sense \u00e0nim de lucre constitu\u00efda al 1982 i especialitzada en assegurances de salut i assist\u00e8ncia.","publisher":{"@id":"https:\/\/www.mgc.es\/#organization"},"alternateName":"MGC","potentialAction":[{"@type":"SearchAction","target":{"@type":"EntryPoint","urlTemplate":"https:\/\/www.mgc.es\/?s={search_term_string}"},"query-input":{"@type":"PropertyValueSpecification","valueRequired":true,"valueName":"search_term_string"}}],"inLanguage":"ca"},{"@type":"Organization","@id":"https:\/\/www.mgc.es\/#organization","name":"MGC Mutua","alternateName":"MGC","url":"https:\/\/www.mgc.es\/","logo":{"@type":"ImageObject","inLanguage":"ca","@id":"https:\/\/www.mgc.es\/#\/schema\/logo\/image\/","url":"https:\/\/www.mgc.es\/wp-content\/uploads\/2020\/03\/mgcmutua_h2_2t_reduccions.png","contentUrl":"https:\/\/www.mgc.es\/wp-content\/uploads\/2020\/03\/mgcmutua_h2_2t_reduccions.png","width":303,"height":165,"caption":"MGC Mutua"},"image":{"@id":"https:\/\/www.mgc.es\/#\/schema\/logo\/image\/"},"sameAs":["https:\/\/www.facebook.com\/mgcmutua","https:\/\/x.com\/mgcmutua","https:\/\/www.youtube.com\/c\/MGCMutua"]}]}},"_links":{"self":[{"href":"https:\/\/www.mgc.es\/ca\/wp-json\/wp\/v2\/pages\/8475","targetHints":{"allow":["GET"]}}],"collection":[{"href":"https:\/\/www.mgc.es\/ca\/wp-json\/wp\/v2\/pages"}],"about":[{"href":"https:\/\/www.mgc.es\/ca\/wp-json\/wp\/v2\/types\/page"}],"author":[{"embeddable":true,"href":"https:\/\/www.mgc.es\/ca\/wp-json\/wp\/v2\/users\/1"}],"replies":[{"embeddable":true,"href":"https:\/\/www.mgc.es\/ca\/wp-json\/wp\/v2\/comments?post=8475"}],"version-history":[{"count":99,"href":"https:\/\/www.mgc.es\/ca\/wp-json\/wp\/v2\/pages\/8475\/revisions"}],"predecessor-version":[{"id":33099,"href":"https:\/\/www.mgc.es\/ca\/wp-json\/wp\/v2\/pages\/8475\/revisions\/33099"}],"wp:attachment":[{"href":"https:\/\/www.mgc.es\/ca\/wp-json\/wp\/v2\/media?parent=8475"}],"curies":[{"name":"wp","href":"https:\/\/api.w.org\/{rel}","templated":true}]}}