{"id":9693,"date":"2019-10-10T17:28:30","date_gmt":"2019-10-10T15:28:30","guid":{"rendered":"http:\/\/www.mgc.es\/?post_type=clinicas&#038;p=9693"},"modified":"2025-10-27T16:38:12","modified_gmt":"2025-10-27T15:38:12","slug":"centre-medic-mgc","status":"publish","type":"clinicas","link":"https:\/\/www.mgc.es\/ca\/clinicas\/centre-medic-mgc\/","title":{"rendered":"MGC Centre M\u00e8dic"},"content":{"rendered":"\n<div class=\"bloque-titulo main\">\n\t\t\t<div class=\"background-texture\">\n\t\t\t<img decoding=\"async\" src=\"\/wp-content\/themes\/mgc\/src\/img\/head-bg.png\" alt=\"\">\n\t\t<\/div>\n\t\t\t<div class=\"container\">\n\t\t\t\t\t\t<h1 class=\"title\">MGC Centre M\u00e8dic <\/h1>\n\t\t\t\t\t\t\t\t\t<p class=\"subtitle\">Especialitats m\u00e8diques, assist\u00e8ncia m\u00e8dica immediata i Unitat de Medicina Preventiva<\/p>\n\t\t\t\t<\/div>\n<\/div>\n\n\n\n<div id=\"destacado-basico-1-detacado-basico-1-block_5d838da6ee4ba\" class=\"basic-featured-1\">\n\t<div class=\"container\">\n\t\t<div class=\"row\">\n\t\t\t<div class=\"img-carrier d-flex d-md-none\">\n\t\t\t\t<picture class=\"picture\">\n\t\t\t\t\t<source srcset=\"https:\/\/www.mgc.es\/wp-content\/uploads\/2019\/09\/centre_medic_1.jpg\" media=\"(max-width: 450px)\">\n\t\t\t\t\t<img decoding=\"async\" src=\"https:\/\/www.mgc.es\/wp-content\/uploads\/2019\/09\/centre_medic_1.jpg\" alt=\"\" >\n\t\t\t\t<\/picture>\n\t\t\t<\/div>\n\t\t\t<div class=\"col-md-14 offset-md-1 d-none d-md-flex\">\n\t\t\t\t<div class=\"img-carrier\">\n\t\t\t\t\t<picture class=\"picture\">\n\t\t\t\t\t\t<source srcset=\"https:\/\/www.mgc.es\/wp-content\/uploads\/2019\/09\/centre_medic_1.jpg\" media=\"(max-width: 450px)\">\n\t\t\t\t\t\t<img decoding=\"async\" src=\"https:\/\/www.mgc.es\/wp-content\/uploads\/2019\/09\/centre_medic_1.jpg\" alt=\"\" >\n\t\t\t\t\t<\/picture>\n\t\t\t\t<\/div>\n\t\t\t<\/div>\n\t\t\t<div class=\"col-md-8 block-container\">\n\t\t\t\t<div class=\"text-card \">\n\t\t\t\t\t<h3 class=\"title-s\">MGC Centre M\u00e8dic <\/h3>\n\t\t\t\t\t<p class=\"title\">Per qu\u00e8 confiar en el nostre Centre M\u00e8dic?<\/p>\n\t\t\t\t\t<p class=\"desc\"><p>MGC Centre M\u00e8dic ofereix la comoditat de trobar en un mateix espai una gran varietat d&#8217;especialitats m\u00e8diques, un servei d&#8217;assist\u00e8ncia m\u00e8dica immediata sense cita pr\u00e8via i una Unitat de Medicina Preventiva que potencia, decididament, la prevenci\u00f3 de la salut.<\/p>\n<\/p>\n\t\t\t\t\t\t\t\t\t<\/div>\n\t\t\t<\/div>\n\t\t<\/div>\n\t<\/div>\n\t<\/div>\n\n\n\n<div class=\"clinics-info\" id=\"info-clinicas-info-clinicas-block_5d838df0ee4bb\">\n\t<div class=\"container\">\n\t\t<div class=\"row\">\n\t\t\t<div class=\"col-md-20 offset-md-2\">\n\t\t\t\t<div class=\"clinics-info-block\">\n\t\t\t\t\t<div class=\"row\">\n\t\t\t\t\t\t<div class=\"col-md-5 d-none d-md-flex img-col\">\n\t\t\t\t\t\t\t<div class=\"image-carrier\">\n\t\t\t\t\t\t\t\t<picture class=\"picture\">\n\t\t\t\t\t\t\t\t\t<source srcset=\"\" media=\"(max-width: 450px)\">\n\t\t\t\t\t\t\t\t\t<img decoding=\"async\" src=\"\" alt=\"\" >\n\t\t\t\t\t\t\t\t<\/picture>\n\t\t\t\t\t\t\t<\/div>\n\t\t\t\t\t\t<\/div>\n\t\t\t\t\t\t<div class=\"col-md-6\">\n\t\t\t\t\t\t\t<div class=\"text-block first\">\n\t\t\t\t\t\t\t\t<p class=\"title\">Oficina central<\/p>\n\t\t\t\t\t\t\t\t<p class=\"content\">C\/Tuset 5-11, 08006 Barcelona<\/p>\n\t\t\t\t\t\t\t<\/div>\n\t\t\t\t\t\t\t<div class=\"text-block\">\n\t\t\t\t\t\t\t\t<p class=\"title\">Atenci\u00f3 al client<\/p>\n\t\t\t\t\t\t\t\t<p class=\"content\">\n\t\t\t\t\t\t\t\t\t<a href=\"tel:900 842 888\">900 842 888<\/a>\n\t\t\t\t\t\t\t\t<\/p>\n\t\t\t\t\t\t\t<\/div>\n\t\t\t\t\t\t<\/div>\n\t\t\t\t\t\t<div class=\"col-md-6\">\n\t\t\t\t\t\t\t<div class=\"text-block\">\n\t\t\t\t\t\t\t\t<p class=\"title\">Email<\/p>\n\t\t\t\t\t\t\t\t<p class=\"content\">\n\t\t\t\t\t\t\t\t\t<a href=\"mailto:centremedic@mgc.es\">centremedic@mgc.es<\/a>\n\n\t\t\t\t\t\t\t\t<\/p>\n\t\t\t\t\t\t\t<\/div>\n\t\t\t\t\t\t\t<div class=\"text-block\">\n\t\t\t\t\t\t\t\t<p class=\"title\">P\u00e0gina web<\/p>\n\t\t\t\t\t\t\t\t<p class=\"content\">\n\t\t\t\t\t\t\t\t\t<a href=\"https:\/\/centremedic.mgc.es\/benvinguts\/\">centremedic.mgc.es\/benvinguts\/<\/a>\n\t\t\t\t\t\t\t\t<\/p>\n\t\t\t\t\t\t\t<\/div>\n\t\t\t\t\t\t<\/div>\n\t\t\t\t\t\t<div class=\"col-md-6\">\n\t\t\t\t\t\t\t<div class=\"text-block\">\n\t\t\t\t\t\t\t\t<p class=\"title\">Horari<\/p>\n\t\t\t\t\t\t\t\t<p class=\"content\">Horari: de 9h a 18h, de dilluns a dijous, i de 9 a 15 h, els divendres (excepte festius).<\/p>\n\t\t\t\t\t\t\t<\/div>\n\t\t\t\t\t\t<\/div>\n\t\t\t\t\t<\/div>\n\t\t\t\t<\/div>\n\t\t\t<\/div>\n\t\t<\/div>\n\t<\/div>\n<\/div>\n\n\n\n<div class=\"text-featured-3\" id=\"destacado-text-3-destacado-text-3-block_5d838e95ee4bc\">\n\t<div class=\"container\">\n\t\t<div class=\"row\">\n\t\t\t<div class=\"col-md-9 offset-md-2\">\n\t\t\t\t<div class=\"info-block\">\n\t\t\t\t\t<h4>Qualitat i tecnologia<\/h4>\n<p>El nostre desig \u00e9s que MGC Centre M\u00e8dic sigui un referent de qualitat en l&#8217;atenci\u00f3 sanit\u00e0ria.\u00a0 Per aquest motiu, compta amb un equipament m\u00e8dic d&#8217;\u00faltima generaci\u00f3 i amb un equip de metges i professionals sanitaris altament qualificat.<\/p>\n<h4>Al centre de Barcelona<\/h4>\n<p>Situat a la seu social de la M\u00fatua, al centre de Barcelona, ocupa un espai de m\u00e9s de 800 m2 i disposa de 16 consultoris equipats amb les darreres novetats tecnol\u00f2giques.<\/p>\n<p>Oferim un ampli ventall de serveis i especialitats, que es van ampliant i millorant per a completar una oferta assistencial de m\u00e0xima qualitat que doni cobertura a les necessitats m\u00e8diques fonamentals dels assegurats.<\/p>\n\t\t\t\t<\/div>\n\t\t\t<\/div>\n\t\t\t<div class=\"col-md-5 offset-md-1\">\n\t\t\t\t<div class=\"image-carrier\">\n\t\t\t\t\t\t\t\t\t\t<picture class=\"picture\">\n\t\t\t\t\t\t<source srcset=\"https:\/\/www.mgc.es\/wp-content\/uploads\/2019\/10\/centre_medic_3.jpg\" media=\"(max-width: 450px)\">\n\t\t\t\t\t\t<img decoding=\"async\" src=\"https:\/\/www.mgc.es\/wp-content\/uploads\/2019\/10\/centre_medic_3.jpg\" alt=\"\" >\n\t\t\t\t\t<\/picture>\n\t\t\t\t<\/div>\n\t\t\t<\/div>\n\t\t\t<div class=\"col-md-5\">\n\t\t\t\t<div class=\"image-carrier\">\n\t\t\t\t\t\t\t\t\t\t<picture class=\"picture\">\n\t\t\t\t\t\t<source srcset=\"https:\/\/www.mgc.es\/wp-content\/uploads\/2019\/10\/centre_medic_4.jpg\" media=\"(max-width: 450px)\">\n\t\t\t\t\t\t<img decoding=\"async\" src=\"https:\/\/www.mgc.es\/wp-content\/uploads\/2019\/10\/centre_medic_4.jpg\" alt=\"\" >\n\t\t\t\t\t<\/picture>\n\t\t\t\t<\/div>\n\t\t\t<\/div>\n\t\t<\/div>\n\t<\/div>\n<\/div>\n\n\n\n<div id=\"destacado-clinica-detacado-clinica-block_5d839330a8d69\" class=\"clinic-featured\">\n\t<div class=\"container\">\n\t\t<div class=\"row\">\n\t\t\t<div class=\"img-carrier d-flex d-md-none\">\n\t\t\t\t<picture class=\"picture\">\n\t\t\t\t\t<source srcset=\"https:\/\/www.mgc.es\/wp-content\/uploads\/2019\/11\/belodonte.jpg\" media=\"(max-width: 450px)\">\n\t\t\t\t\t<img decoding=\"async\" src=\"https:\/\/www.mgc.es\/wp-content\/uploads\/2019\/11\/belodonte.jpg\" alt=\"\" >\n\t\t\t\t<\/picture>\n\t\t\t<\/div>\n\t\t\t<div class=\"col-md-7 offset-md-2 block-container\">\n\t\t\t\t<div class=\"text-card\">\n\t\t\t\t\t<h3 class=\"title-s\"><\/h3>\n\t\t\t\t\t<h2 class=\"title\">Cl\u00ednica Belodonte<\/h2>\n\t\t\t\t\t<p class=\"desc\">La M\u00fatua ofereix el servei d&#8217;odontologia a Cl\u00ednica belodonte a preus especials, amb un important estalvi respecte els preus del mercat, per a les prestacions no cobertes per l&#8217;asseguran\u00e7a de salut.<\/p>\n\t\t\t\t\t<a href=\"https:\/\/www.mgc.es\/ca\/clinica-belodonte\/\" class=\"half-link blue\">Saber m\u00e9s<\/a>\n\t\t\t\t<\/div>\n\t\t\t<\/div>\n\t\t\t<div class=\"col-md-13 d-none d-md-flex\">\n\t\t\t\t<div class=\"img-carrier\">\n\t\t\t\t<picture class=\"picture\">\n\t\t\t\t\t<source srcset=\"https:\/\/www.mgc.es\/wp-content\/uploads\/2019\/11\/belodonte.jpg\" media=\"(max-width: 450px)\">\n\t\t\t\t\t<img decoding=\"async\" src=\"https:\/\/www.mgc.es\/wp-content\/uploads\/2019\/11\/belodonte.jpg\" alt=\"\" >\n\t\t\t\t<\/picture>\n\t\t\t\t<\/div>\n\t\t\t<\/div>\n\n\t\t<\/div>\n\t<\/div>\n<\/div>\n\n\n\n<div id=\"destacado-clinica-detacado-clinica-block_68ff9197f4b4c\" class=\"clinic-featured\">\n\t<div class=\"container\">\n\t\t<div class=\"row\">\n\t\t\t<div class=\"img-carrier d-flex d-md-none\">\n\t\t\t\t<picture class=\"picture\">\n\t\t\t\t\t<source srcset=\"\" media=\"(max-width: 450px)\">\n\t\t\t\t\t<img decoding=\"async\" src=\"https:\/\/www.mgc.es\/wp-content\/uploads\/2025\/10\/F4A8656-scaled.jpg\" alt=\"\" >\n\t\t\t\t<\/picture>\n\t\t\t<\/div>\n\t\t\t<div class=\"col-md-7 offset-md-2 block-container\">\n\t\t\t\t<div class=\"text-card\">\n\t\t\t\t\t<h3 class=\"title-s\"><\/h3>\n\t\t\t\t\t<h2 class=\"title\">Epsilon Physio<\/h2>\n\t\t\t\t\t<p class=\"desc\">Epsilon Physio \u00e9s un centre de rehabilitaci\u00f3 i fisioter\u00e0pia creat per la Fundaci\u00f3 MGC per a oferir un servei exclusiu i personalitzat.<\/p>\n\t\t\t\t\t<a href=\"https:\/\/www.mgc.es\/ca\/epsilon-physio\/\" class=\"half-link blue\">Saber m\u00e9s<\/a>\n\t\t\t\t<\/div>\n\t\t\t<\/div>\n\t\t\t<div class=\"col-md-13 d-none d-md-flex\">\n\t\t\t\t<div class=\"img-carrier\">\n\t\t\t\t<picture class=\"picture\">\n\t\t\t\t\t<source srcset=\"\" media=\"(max-width: 450px)\">\n\t\t\t\t\t<img decoding=\"async\" src=\"https:\/\/www.mgc.es\/wp-content\/uploads\/2025\/10\/F4A8656-scaled.jpg\" alt=\"\" >\n\t\t\t\t<\/picture>\n\t\t\t\t<\/div>\n\t\t\t<\/div>\n\n\t\t<\/div>\n\t<\/div>\n<\/div>\n","protected":false},"template":"","format":"standard","meta":{"footnotes":""},"class_list":["post-9693","clinicas","type-clinicas","status-publish","format-standard","hentry"],"yoast_head":"<!-- This site is optimized with the Yoast SEO plugin v27.2 - https:\/\/yoast.com\/product\/yoast-seo-wordpress\/ -->\n<title>MGC Centre M\u00e8dic - MGC M\u00fatua<\/title>\n<meta name=\"robots\" content=\"index, follow, max-snippet:-1, max-image-preview:large, max-video-preview:-1\" \/>\n<link rel=\"canonical\" href=\"https:\/\/www.mgc.es\/ca\/clinicas\/centre-medic-mgc\/\" \/>\n<meta property=\"og:locale\" content=\"ca_ES\" \/>\n<meta property=\"og:type\" content=\"article\" \/>\n<meta property=\"og:title\" content=\"MGC Centre M\u00e8dic - MGC M\u00fatua\" \/>\n<meta property=\"og:url\" content=\"https:\/\/www.mgc.es\/ca\/clinicas\/centre-medic-mgc\/\" \/>\n<meta property=\"og:site_name\" content=\"MGC M\u00fatua\" \/>\n<meta property=\"article:publisher\" content=\"https:\/\/www.facebook.com\/mgcmutua\" \/>\n<meta property=\"article:modified_time\" content=\"2025-10-27T15:38:12+00:00\" \/>\n<meta name=\"twitter:card\" content=\"summary_large_image\" \/>\n<meta name=\"twitter:site\" content=\"@mgcmutua\" \/>\n<!-- \/ Yoast SEO plugin. -->","yoast_head_json":{"title":"MGC Centre M\u00e8dic - MGC M\u00fatua","robots":{"index":"index","follow":"follow","max-snippet":"max-snippet:-1","max-image-preview":"max-image-preview:large","max-video-preview":"max-video-preview:-1"},"canonical":"https:\/\/www.mgc.es\/ca\/clinicas\/centre-medic-mgc\/","og_locale":"ca_ES","og_type":"article","og_title":"MGC Centre M\u00e8dic - MGC M\u00fatua","og_url":"https:\/\/www.mgc.es\/ca\/clinicas\/centre-medic-mgc\/","og_site_name":"MGC M\u00fatua","article_publisher":"https:\/\/www.facebook.com\/mgcmutua","article_modified_time":"2025-10-27T15:38:12+00:00","twitter_card":"summary_large_image","twitter_site":"@mgcmutua","schema":{"@context":"https:\/\/schema.org","@graph":[{"@type":"WebPage","@id":"https:\/\/www.mgc.es\/ca\/clinicas\/centre-medic-mgc\/","url":"https:\/\/www.mgc.es\/ca\/clinicas\/centre-medic-mgc\/","name":"MGC Centre M\u00e8dic - MGC M\u00fatua","isPartOf":{"@id":"https:\/\/www.mgc.es\/#website"},"datePublished":"2019-10-10T15:28:30+00:00","dateModified":"2025-10-27T15:38:12+00:00","breadcrumb":{"@id":"https:\/\/www.mgc.es\/ca\/clinicas\/centre-medic-mgc\/#breadcrumb"},"inLanguage":"ca","potentialAction":[{"@type":"ReadAction","target":["https:\/\/www.mgc.es\/ca\/clinicas\/centre-medic-mgc\/"]}]},{"@type":"BreadcrumbList","@id":"https:\/\/www.mgc.es\/ca\/clinicas\/centre-medic-mgc\/#breadcrumb","itemListElement":[{"@type":"ListItem","position":1,"name":"Home","item":"https:\/\/www.mgc.es\/ca\/"},{"@type":"ListItem","position":2,"name":"Cl\u00ednicas","item":"https:\/\/www.mgc.es\/ca\/clinicas\/"},{"@type":"ListItem","position":3,"name":"MGC Centre M\u00e8dic"}]},{"@type":"WebSite","@id":"https:\/\/www.mgc.es\/#website","url":"https:\/\/www.mgc.es\/","name":"MGC M\u00fatua","description":"MGC M\u00fatua \u00e9s una entitat asseguradora sense \u00e0nim de lucre constitu\u00efda al 1982 i especialitzada en assegurances de salut i assist\u00e8ncia.","publisher":{"@id":"https:\/\/www.mgc.es\/#organization"},"alternateName":"MGC","potentialAction":[{"@type":"SearchAction","target":{"@type":"EntryPoint","urlTemplate":"https:\/\/www.mgc.es\/?s={search_term_string}"},"query-input":{"@type":"PropertyValueSpecification","valueRequired":true,"valueName":"search_term_string"}}],"inLanguage":"ca"},{"@type":"Organization","@id":"https:\/\/www.mgc.es\/#organization","name":"MGC Mutua","alternateName":"MGC","url":"https:\/\/www.mgc.es\/","logo":{"@type":"ImageObject","inLanguage":"ca","@id":"https:\/\/www.mgc.es\/#\/schema\/logo\/image\/","url":"https:\/\/www.mgc.es\/wp-content\/uploads\/2020\/03\/mgcmutua_h2_2t_reduccions.png","contentUrl":"https:\/\/www.mgc.es\/wp-content\/uploads\/2020\/03\/mgcmutua_h2_2t_reduccions.png","width":303,"height":165,"caption":"MGC Mutua"},"image":{"@id":"https:\/\/www.mgc.es\/#\/schema\/logo\/image\/"},"sameAs":["https:\/\/www.facebook.com\/mgcmutua","https:\/\/x.com\/mgcmutua","https:\/\/www.youtube.com\/c\/MGCMutua"]}]}},"_links":{"self":[{"href":"https:\/\/www.mgc.es\/ca\/wp-json\/wp\/v2\/clinicas\/9693","targetHints":{"allow":["GET"]}}],"collection":[{"href":"https:\/\/www.mgc.es\/ca\/wp-json\/wp\/v2\/clinicas"}],"about":[{"href":"https:\/\/www.mgc.es\/ca\/wp-json\/wp\/v2\/types\/clinicas"}],"version-history":[{"count":36,"href":"https:\/\/www.mgc.es\/ca\/wp-json\/wp\/v2\/clinicas\/9693\/revisions"}],"predecessor-version":[{"id":36953,"href":"https:\/\/www.mgc.es\/ca\/wp-json\/wp\/v2\/clinicas\/9693\/revisions\/36953"}],"wp:attachment":[{"href":"https:\/\/www.mgc.es\/ca\/wp-json\/wp\/v2\/media?parent=9693"}],"curies":[{"name":"wp","href":"https:\/\/api.w.org\/{rel}","templated":true}]}}